{"id":521,"date":"2021-08-31T16:40:15","date_gmt":"2021-08-31T14:40:15","guid":{"rendered":"https:\/\/firenzegioca.it\/progioco\/?page_id=521"},"modified":"2022-07-14T09:59:21","modified_gmt":"2022-07-14T07:59:21","slug":"ospiti","status":"publish","type":"page","link":"https:\/\/firenzegioca.it\/progioco\/firenzegioca-2021\/ospiti\/","title":{"rendered":"Ospiti"},"content":{"rendered":"<div id=\"pl-521\"  class=\"panel-layout\" ><div id=\"pg-521-0\"  class=\"panel-grid panel-no-style\" ><div id=\"pgc-521-0-0\"  class=\"panel-grid-cell\" ><div id=\"panel-521-0-0-0\" class=\"so-panel widget widget_sow-editor panel-first-child\" data-index=\"0\" ><div\n\t\t\t\n\t\t\tclass=\"so-widget-sow-editor so-widget-sow-editor-base\"\n\t\t\t\n\t\t>\n<div class=\"siteorigin-widget-tinymce textwidget\">\n\t<p>(in rigoroso ordine alfabetico per nome)<\/p>\n<\/div>\n<\/div><\/div><div id=\"panel-521-0-0-1\" class=\"so-panel widget widget_siteorigin-panels-postloop panel-last-child\" data-index=\"1\" > \n<article id=\"post-1183\" class=\"post-1183 post type-post status-publish format-standard has-post-thumbnail hentry category-firenzegioca-2021 category-ospiti-2021\" style=\"clear:both;\">\n    <header class=\"entry-header\">\n        <h1 class=\"entry-title\"><a href=\"https:\/\/firenzegioca.it\/progioco\/2021\/09\/15\/alan-damico\/\" rel=\"bookmark\">Alan D&#8217;Amico<\/a><\/h1>\n                    <div class=\"entry-meta\">\n                            <\/div><!-- .entry-meta -->\n            <\/header><!-- .entry-header -->\n\n    <div class=\"entry-summary\">\n\t\t<div class=\"posts-thumb content-search-thumb\">\n    <a href=\"https:\/\/firenzegioca.it\/progioco\/2021\/09\/15\/alan-damico\/\" title=\"Alan D&#8217;Amico\">\n        <img width=\"300\" height=\"300\" src=\"https:\/\/firenzegioca.it\/progioco\/wp-content\/uploads\/2021\/09\/alan-d-amico-300x300.jpg\" class=\"attachment-medium size-medium wp-post-image\" alt=\"Foto di Alan D&#039;Amico\" loading=\"lazy\" srcset=\"https:\/\/firenzegioca.it\/progioco\/wp-content\/uploads\/2021\/09\/alan-d-amico-300x300.jpg 300w, https:\/\/firenzegioca.it\/progioco\/wp-content\/uploads\/2021\/09\/alan-d-amico-1024x1024.jpg 1024w, https:\/\/firenzegioca.it\/progioco\/wp-content\/uploads\/2021\/09\/alan-d-amico-150x150.jpg 150w, https:\/\/firenzegioca.it\/progioco\/wp-content\/uploads\/2021\/09\/alan-d-amico-768x768.jpg 768w, https:\/\/firenzegioca.it\/progioco\/wp-content\/uploads\/2021\/09\/alan-d-amico-380x380.jpg 380w, https:\/\/firenzegioca.it\/progioco\/wp-content\/uploads\/2021\/09\/alan-d-amico-445x445.jpg 445w, https:\/\/firenzegioca.it\/progioco\/wp-content\/uploads\/2021\/09\/alan-d-amico.jpg 1080w\" sizes=\"(max-width: 300px) 100vw, 300px\" \/>    <\/a>\n\t<\/div>\n        <p>Eclettico Illustratore e Scultore, romagnolo classe \u201981. Comincia a lavorare per i cartoni animati (Rat-Man, Winx), passando al fumetto (Panini, Saldapress) e per passione arriva a specializzarsi nel mondo dei&#8230;<\/p>\n    <\/div><!-- .entry-summary -->\n\n    <footer class=\"entry-footer\">\n        <div>\n                                                <span class=\"cat-links\">\n                        Posted in <a href=\"https:\/\/firenzegioca.it\/progioco\/category\/firenzegioca\/firenzegioca-2021\/\" rel=\"category tag\">Firenzegioca 2021<\/a>, <a href=\"https:\/\/firenzegioca.it\/progioco\/category\/firenzegioca\/firenzegioca-2021\/ospiti-2021\/\" rel=\"category tag\">Ospiti 2021<\/a>                    <\/span>\n                \n                            \n                    <\/div>\n            <\/footer><!-- .entry-footer -->\n<\/article><!-- #post-## --> \n<article id=\"post-1854\" class=\"post-1854 post type-post status-publish format-standard has-post-thumbnail hentry category-autori-2021 category-firenzegioca-2021 category-ospiti-2021\" style=\"clear:both;\">\n    <header class=\"entry-header\">\n        <h1 class=\"entry-title\"><a href=\"https:\/\/firenzegioca.it\/progioco\/2021\/09\/22\/alan-mattiassi\/\" rel=\"bookmark\">Alan Mattiassi<\/a><\/h1>\n                    <div class=\"entry-meta\">\n                            <\/div><!-- .entry-meta -->\n            <\/header><!-- .entry-header -->\n\n    <div class=\"entry-summary\">\n\t\t<div class=\"posts-thumb content-search-thumb\">\n    <a href=\"https:\/\/firenzegioca.it\/progioco\/2021\/09\/22\/alan-mattiassi\/\" title=\"Alan Mattiassi\">\n        <img width=\"300\" height=\"260\" src=\"https:\/\/firenzegioca.it\/progioco\/wp-content\/uploads\/2021\/09\/ALAN-MATTIASSI-300x260.jpeg\" class=\"attachment-medium size-medium wp-post-image\" alt=\"\" loading=\"lazy\" srcset=\"https:\/\/firenzegioca.it\/progioco\/wp-content\/uploads\/2021\/09\/ALAN-MATTIASSI-300x260.jpeg 300w, https:\/\/firenzegioca.it\/progioco\/wp-content\/uploads\/2021\/09\/ALAN-MATTIASSI.jpeg 726w\" sizes=\"(max-width: 300px) 100vw, 300px\" \/>    <\/a>\n\t<\/div>\n        <p>Friulano, classe 1983, \u00e8 uno psicologo, formatore, divulgatore e ricercatore, oltre che giocatore. Alan Mattiassi \u00e8 uno psicologo del gioco: il suo lavoro ha sempre al centro il gioco, assieme&#8230;<\/p>\n    <\/div><!-- .entry-summary -->\n\n    <footer class=\"entry-footer\">\n        <div>\n                                                <span class=\"cat-links\">\n                        Posted in <a href=\"https:\/\/firenzegioca.it\/progioco\/category\/firenzegioca\/firenzegioca-2021\/autori-2021\/\" rel=\"category tag\">Autori 2021<\/a>, <a href=\"https:\/\/firenzegioca.it\/progioco\/category\/firenzegioca\/firenzegioca-2021\/\" rel=\"category tag\">Firenzegioca 2021<\/a>, <a href=\"https:\/\/firenzegioca.it\/progioco\/category\/firenzegioca\/firenzegioca-2021\/ospiti-2021\/\" rel=\"category tag\">Ospiti 2021<\/a>                    <\/span>\n                \n                            \n                    <\/div>\n            <\/footer><!-- .entry-footer -->\n<\/article><!-- #post-## --> \n<article id=\"post-314\" class=\"post-314 post type-post status-publish format-standard has-post-thumbnail hentry category-autori-2021 category-firenzegioca-2021 category-ospiti-2021\" style=\"clear:both;\">\n    <header class=\"entry-header\">\n        <h1 class=\"entry-title\"><a href=\"https:\/\/firenzegioca.it\/progioco\/2021\/08\/25\/francesco-stefanacci-francis-green\/\" rel=\"bookmark\">Francesco Stefanacci \/ Francis Green<\/a><\/h1>\n                    <div class=\"entry-meta\">\n                            <\/div><!-- .entry-meta -->\n            <\/header><!-- .entry-header -->\n\n    <div class=\"entry-summary\">\n\t\t<div class=\"posts-thumb content-search-thumb\">\n    <a href=\"https:\/\/firenzegioca.it\/progioco\/2021\/08\/25\/francesco-stefanacci-francis-green\/\" title=\"Francesco Stefanacci \/ Francis Green\">\n        <img width=\"300\" height=\"200\" src=\"https:\/\/firenzegioca.it\/progioco\/wp-content\/uploads\/2021\/08\/stefanacci-300x200.jpg\" class=\"attachment-medium size-medium wp-post-image\" alt=\"\" loading=\"lazy\" srcset=\"https:\/\/firenzegioca.it\/progioco\/wp-content\/uploads\/2021\/08\/stefanacci-300x200.jpg 300w, https:\/\/firenzegioca.it\/progioco\/wp-content\/uploads\/2021\/08\/stefanacci-768x513.jpg 768w, https:\/\/firenzegioca.it\/progioco\/wp-content\/uploads\/2021\/08\/stefanacci-272x182.jpg 272w, https:\/\/firenzegioca.it\/progioco\/wp-content\/uploads\/2021\/08\/stefanacci.jpg 800w\" sizes=\"(max-width: 300px) 100vw, 300px\" \/>    <\/a>\n\t<\/div>\n        <p>Pratese del 1982, ha scritto per cinema, blog, testate giornalistiche online e un programma radiofonico. Ha pubblicato racconti per Delos e Bel Ami, e due autoproduzioni. Tra i pionieri italiani&#8230;<\/p>\n    <\/div><!-- .entry-summary -->\n\n    <footer class=\"entry-footer\">\n        <div>\n                                                <span class=\"cat-links\">\n                        Posted in <a href=\"https:\/\/firenzegioca.it\/progioco\/category\/firenzegioca\/firenzegioca-2021\/autori-2021\/\" rel=\"category tag\">Autori 2021<\/a>, <a href=\"https:\/\/firenzegioca.it\/progioco\/category\/firenzegioca\/firenzegioca-2021\/\" rel=\"category tag\">Firenzegioca 2021<\/a>, <a href=\"https:\/\/firenzegioca.it\/progioco\/category\/firenzegioca\/firenzegioca-2021\/ospiti-2021\/\" rel=\"category tag\">Ospiti 2021<\/a>                    <\/span>\n                \n                            \n                    <\/div>\n            <\/footer><!-- .entry-footer -->\n<\/article><!-- #post-## --> \n<article id=\"post-1691\" class=\"post-1691 post type-post status-publish format-standard has-post-thumbnail hentry category-autori-2021 category-firenzegioca category-firenzegioca-2021 category-ospiti-2021\" style=\"clear:both;\">\n    <header class=\"entry-header\">\n        <h1 class=\"entry-title\"><a href=\"https:\/\/firenzegioca.it\/progioco\/2021\/09\/20\/gabriele-mari\/\" rel=\"bookmark\">Gabriele Mari<\/a><\/h1>\n                    <div class=\"entry-meta\">\n                            <\/div><!-- .entry-meta -->\n            <\/header><!-- .entry-header -->\n\n    <div class=\"entry-summary\">\n\t\t<div class=\"posts-thumb content-search-thumb\">\n    <a href=\"https:\/\/firenzegioca.it\/progioco\/2021\/09\/20\/gabriele-mari\/\" title=\"Gabriele Mari\">\n        <img width=\"236\" height=\"300\" src=\"https:\/\/firenzegioca.it\/progioco\/wp-content\/uploads\/2021\/09\/gabriele-mari-236x300.jpg\" class=\"attachment-medium size-medium wp-post-image\" alt=\"Gabriele Mari\" loading=\"lazy\" srcset=\"https:\/\/firenzegioca.it\/progioco\/wp-content\/uploads\/2021\/09\/gabriele-mari-236x300.jpg 236w, https:\/\/firenzegioca.it\/progioco\/wp-content\/uploads\/2021\/09\/gabriele-mari-805x1024.jpg 805w, https:\/\/firenzegioca.it\/progioco\/wp-content\/uploads\/2021\/09\/gabriele-mari-768x977.jpg 768w, https:\/\/firenzegioca.it\/progioco\/wp-content\/uploads\/2021\/09\/gabriele-mari.jpg 814w\" sizes=\"(max-width: 236px) 100vw, 236px\" \/>    <\/a>\n\t<\/div>\n        <p>Gabriele \u00e8 game designer e sviluppatore per la casa di produzione ludica Cobblepot Games; ha pubblicato giochi da tavolo tra cui Garibaldi La Trafila (Nexus Editrice, 2007), Mister X (Ravensburger,&#8230;<\/p>\n    <\/div><!-- .entry-summary -->\n\n    <footer class=\"entry-footer\">\n        <div>\n                                                <span class=\"cat-links\">\n                        Posted in <a href=\"https:\/\/firenzegioca.it\/progioco\/category\/firenzegioca\/firenzegioca-2021\/autori-2021\/\" rel=\"category tag\">Autori 2021<\/a>, <a href=\"https:\/\/firenzegioca.it\/progioco\/category\/firenzegioca\/\" rel=\"category tag\">Firenzegioca<\/a>, <a href=\"https:\/\/firenzegioca.it\/progioco\/category\/firenzegioca\/firenzegioca-2021\/\" rel=\"category tag\">Firenzegioca 2021<\/a>, <a href=\"https:\/\/firenzegioca.it\/progioco\/category\/firenzegioca\/firenzegioca-2021\/ospiti-2021\/\" rel=\"category tag\">Ospiti 2021<\/a>                    <\/span>\n                \n                            \n                    <\/div>\n            <\/footer><!-- .entry-footer -->\n<\/article><!-- #post-## --> \n<article id=\"post-414\" class=\"post-414 post type-post status-publish format-standard has-post-thumbnail hentry category-firenzegioca-2021 category-ospiti-2021\" style=\"clear:both;\">\n    <header class=\"entry-header\">\n        <h1 class=\"entry-title\"><a href=\"https:\/\/firenzegioca.it\/progioco\/2021\/08\/30\/lorenzo-sabatini\/\" rel=\"bookmark\">Lorenzo Sabatini<\/a><\/h1>\n                    <div class=\"entry-meta\">\n                            <\/div><!-- .entry-meta -->\n            <\/header><!-- .entry-header -->\n\n    <div class=\"entry-summary\">\n\t\t<div class=\"posts-thumb content-search-thumb\">\n    <a href=\"https:\/\/firenzegioca.it\/progioco\/2021\/08\/30\/lorenzo-sabatini\/\" title=\"Lorenzo Sabatini\">\n        <img width=\"269\" height=\"300\" src=\"https:\/\/firenzegioca.it\/progioco\/wp-content\/uploads\/2021\/08\/lorenzo-sabatini-2-269x300.jpg\" class=\"attachment-medium size-medium wp-post-image\" alt=\"\" loading=\"lazy\" srcset=\"https:\/\/firenzegioca.it\/progioco\/wp-content\/uploads\/2021\/08\/lorenzo-sabatini-2-269x300.jpg 269w, https:\/\/firenzegioca.it\/progioco\/wp-content\/uploads\/2021\/08\/lorenzo-sabatini-2.jpg 402w\" sizes=\"(max-width: 269px) 100vw, 269px\" \/>    <\/a>\n\t<\/div>\n        <p>Lorenzo, toscano di Abbadia San Salvadore, \u00e8 un appassionato pluricampione, italiano ed europeo, di yoyo moderno. Nel 1999 scopre che esiste un mondo legato a questo piccolo e intrigante gioco,&#8230;<\/p>\n    <\/div><!-- .entry-summary -->\n\n    <footer class=\"entry-footer\">\n        <div>\n                                                <span class=\"cat-links\">\n                        Posted in <a href=\"https:\/\/firenzegioca.it\/progioco\/category\/firenzegioca\/firenzegioca-2021\/\" rel=\"category tag\">Firenzegioca 2021<\/a>, <a href=\"https:\/\/firenzegioca.it\/progioco\/category\/firenzegioca\/firenzegioca-2021\/ospiti-2021\/\" rel=\"category tag\">Ospiti 2021<\/a>                    <\/span>\n                \n                            \n                    <\/div>\n            <\/footer><!-- .entry-footer -->\n<\/article><!-- #post-## --> \n<article id=\"post-312\" class=\"post-312 post type-post status-publish format-standard has-post-thumbnail hentry category-autori-2021 category-firenzegioca-2021 category-ospiti-2021\" style=\"clear:both;\">\n    <header class=\"entry-header\">\n        <h1 class=\"entry-title\"><a href=\"https:\/\/firenzegioca.it\/progioco\/2021\/08\/25\/luca-borsa\/\" rel=\"bookmark\">Luca Borsa<\/a><\/h1>\n                    <div class=\"entry-meta\">\n                            <\/div><!-- .entry-meta -->\n            <\/header><!-- .entry-header -->\n\n    <div class=\"entry-summary\">\n\t\t<div class=\"posts-thumb content-search-thumb\">\n    <a href=\"https:\/\/firenzegioca.it\/progioco\/2021\/08\/25\/luca-borsa\/\" title=\"Luca Borsa\">\n        <img width=\"186\" height=\"300\" src=\"https:\/\/firenzegioca.it\/progioco\/wp-content\/uploads\/2021\/08\/luca-copia-1-634x1024-1-186x300.jpg\" class=\"attachment-medium size-medium wp-post-image\" alt=\"\" loading=\"lazy\" srcset=\"https:\/\/firenzegioca.it\/progioco\/wp-content\/uploads\/2021\/08\/luca-copia-1-634x1024-1-186x300.jpg 186w, https:\/\/firenzegioca.it\/progioco\/wp-content\/uploads\/2021\/08\/luca-copia-1-634x1024-1.jpg 634w\" sizes=\"(max-width: 186px) 100vw, 186px\" \/>    <\/a>\n\t<\/div>\n        <p>Classe 1962, ingegnere civile e pap\u00e0; la passione maturata gi\u00e0 in tenera et\u00e0 per il mondo ludico si \u00e8 tramutata nella sua vita professionale che lo ha portato all\u2019ideazione, con&#8230;<\/p>\n    <\/div><!-- .entry-summary -->\n\n    <footer class=\"entry-footer\">\n        <div>\n                                                <span class=\"cat-links\">\n                        Posted in <a href=\"https:\/\/firenzegioca.it\/progioco\/category\/firenzegioca\/firenzegioca-2021\/autori-2021\/\" rel=\"category tag\">Autori 2021<\/a>, <a href=\"https:\/\/firenzegioca.it\/progioco\/category\/firenzegioca\/firenzegioca-2021\/\" rel=\"category tag\">Firenzegioca 2021<\/a>, <a href=\"https:\/\/firenzegioca.it\/progioco\/category\/firenzegioca\/firenzegioca-2021\/ospiti-2021\/\" rel=\"category tag\">Ospiti 2021<\/a>                    <\/span>\n                \n                            \n                    <\/div>\n            <\/footer><!-- .entry-footer -->\n<\/article><!-- #post-## --> \n<article id=\"post-1076\" class=\"post-1076 post type-post status-publish format-standard has-post-thumbnail hentry category-autori-2021 category-firenzegioca-2021 category-ospiti-2021\" style=\"clear:both;\">\n    <header class=\"entry-header\">\n        <h1 class=\"entry-title\"><a href=\"https:\/\/firenzegioca.it\/progioco\/2021\/09\/12\/michele-torbidoni\/\" rel=\"bookmark\">Michele Torbidoni<\/a><\/h1>\n                    <div class=\"entry-meta\">\n                            <\/div><!-- .entry-meta -->\n            <\/header><!-- .entry-header -->\n\n    <div class=\"entry-summary\">\n\t\t<div class=\"posts-thumb content-search-thumb\">\n    <a href=\"https:\/\/firenzegioca.it\/progioco\/2021\/09\/12\/michele-torbidoni\/\" title=\"Michele Torbidoni\">\n        <img width=\"300\" height=\"169\" src=\"https:\/\/firenzegioca.it\/progioco\/wp-content\/uploads\/2021\/09\/Torbidoni-300x169.jpg\" class=\"attachment-medium size-medium wp-post-image\" alt=\"\" loading=\"lazy\" srcset=\"https:\/\/firenzegioca.it\/progioco\/wp-content\/uploads\/2021\/09\/Torbidoni-300x169.jpg 300w, https:\/\/firenzegioca.it\/progioco\/wp-content\/uploads\/2021\/09\/Torbidoni-1024x578.jpg 1024w, https:\/\/firenzegioca.it\/progioco\/wp-content\/uploads\/2021\/09\/Torbidoni-768x434.jpg 768w, https:\/\/firenzegioca.it\/progioco\/wp-content\/uploads\/2021\/09\/Torbidoni.jpg 1080w\" sizes=\"(max-width: 300px) 100vw, 300px\" \/>    <\/a>\n\t<\/div>\n        <p>Michele \u00e8 un master davvero scarso! Si dimentica le regole, non ricorda gli status. Ma adora raccontare storie! Forse \u00e8 per questo che, insieme agli altri membri del gruppo, ha&#8230;<\/p>\n    <\/div><!-- .entry-summary -->\n\n    <footer class=\"entry-footer\">\n        <div>\n                                                <span class=\"cat-links\">\n                        Posted in <a href=\"https:\/\/firenzegioca.it\/progioco\/category\/firenzegioca\/firenzegioca-2021\/autori-2021\/\" rel=\"category tag\">Autori 2021<\/a>, <a href=\"https:\/\/firenzegioca.it\/progioco\/category\/firenzegioca\/firenzegioca-2021\/\" rel=\"category tag\">Firenzegioca 2021<\/a>, <a href=\"https:\/\/firenzegioca.it\/progioco\/category\/firenzegioca\/firenzegioca-2021\/ospiti-2021\/\" rel=\"category tag\">Ospiti 2021<\/a>                    <\/span>\n                \n                            \n                    <\/div>\n            <\/footer><!-- .entry-footer -->\n<\/article><!-- #post-## --> \n<article id=\"post-1003\" class=\"post-1003 post type-post status-publish format-standard has-post-thumbnail hentry category-firenzegioca category-firenzegioca-2021 category-news-2021 category-ospiti-2021\" style=\"clear:both;\">\n    <header class=\"entry-header\">\n        <h1 class=\"entry-title\"><a href=\"https:\/\/firenzegioca.it\/progioco\/2021\/09\/12\/morgengabe-chiara-listo-e-giuseppe-vitale\/\" rel=\"bookmark\">MorgenGabe &#8211; Chiara Listo e Giuseppe Vitale<\/a><\/h1>\n                    <div class=\"entry-meta\">\n                            <\/div><!-- .entry-meta -->\n            <\/header><!-- .entry-header -->\n\n    <div class=\"entry-summary\">\n\t\t<div class=\"posts-thumb content-search-thumb\">\n    <a href=\"https:\/\/firenzegioca.it\/progioco\/2021\/09\/12\/morgengabe-chiara-listo-e-giuseppe-vitale\/\" title=\"MorgenGabe &#8211; Chiara Listo e Giuseppe Vitale\">\n        <img width=\"300\" height=\"169\" src=\"https:\/\/firenzegioca.it\/progioco\/wp-content\/uploads\/2021\/09\/MorgenGabe-300x169.jpg\" class=\"attachment-medium size-medium wp-post-image\" alt=\"\" loading=\"lazy\" srcset=\"https:\/\/firenzegioca.it\/progioco\/wp-content\/uploads\/2021\/09\/MorgenGabe-300x169.jpg 300w, https:\/\/firenzegioca.it\/progioco\/wp-content\/uploads\/2021\/09\/MorgenGabe-1024x578.jpg 1024w, https:\/\/firenzegioca.it\/progioco\/wp-content\/uploads\/2021\/09\/MorgenGabe-768x434.jpg 768w, https:\/\/firenzegioca.it\/progioco\/wp-content\/uploads\/2021\/09\/MorgenGabe.jpg 1080w\" sizes=\"(max-width: 300px) 100vw, 300px\" \/>    <\/a>\n\t<\/div>\n        <p>Chiara Listo e Giuseppe Vitale hanno creato MorgenGabe nel 2017: una pagina di divulgazione ludica (attiva prima su Facebook e oggi in una &#8220;nuova veste&#8221; su Instagram, Telegram e Twitch),&#8230;<\/p>\n    <\/div><!-- .entry-summary -->\n\n    <footer class=\"entry-footer\">\n        <div>\n                                                <span class=\"cat-links\">\n                        Posted in <a href=\"https:\/\/firenzegioca.it\/progioco\/category\/firenzegioca\/\" rel=\"category tag\">Firenzegioca<\/a>, <a href=\"https:\/\/firenzegioca.it\/progioco\/category\/firenzegioca\/firenzegioca-2021\/\" rel=\"category tag\">Firenzegioca 2021<\/a>, <a href=\"https:\/\/firenzegioca.it\/progioco\/category\/firenzegioca\/firenzegioca-2021\/news-2021\/\" rel=\"category tag\">News 2021<\/a>, <a href=\"https:\/\/firenzegioca.it\/progioco\/category\/firenzegioca\/firenzegioca-2021\/ospiti-2021\/\" rel=\"category tag\">Ospiti 2021<\/a>                    <\/span>\n                \n                            \n                    <\/div>\n            <\/footer><!-- .entry-footer -->\n<\/article><!-- #post-## --> \n<article id=\"post-1544\" class=\"post-1544 post type-post status-publish format-standard has-post-thumbnail hentry category-firenzegioca category-firenzegioca-2021 category-ospiti-2021\" style=\"clear:both;\">\n    <header class=\"entry-header\">\n        <h1 class=\"entry-title\"><a href=\"https:\/\/firenzegioca.it\/progioco\/2021\/09\/19\/omar-monti\/\" rel=\"bookmark\">Omar Monti<\/a><\/h1>\n                    <div class=\"entry-meta\">\n                            <\/div><!-- .entry-meta -->\n            <\/header><!-- .entry-header -->\n\n    <div class=\"entry-summary\">\n\t\t<div class=\"posts-thumb content-search-thumb\">\n    <a href=\"https:\/\/firenzegioca.it\/progioco\/2021\/09\/19\/omar-monti\/\" title=\"Omar Monti\">\n        <img width=\"223\" height=\"300\" src=\"https:\/\/firenzegioca.it\/progioco\/wp-content\/uploads\/2021\/09\/Omar-Monti-223x300.jpg\" class=\"attachment-medium size-medium wp-post-image\" alt=\"\" loading=\"lazy\" srcset=\"https:\/\/firenzegioca.it\/progioco\/wp-content\/uploads\/2021\/09\/Omar-Monti-223x300.jpg 223w, https:\/\/firenzegioca.it\/progioco\/wp-content\/uploads\/2021\/09\/Omar-Monti.jpg 505w\" sizes=\"(max-width: 223px) 100vw, 223px\" \/>    <\/a>\n\t<\/div>\n        <p>Omar Monti, classe 1975 di Montecatini, \u00e8 salito agli onori delle cronache per essere stato uno dei concorrenti pi\u00f9 amati della prima edizione del reality \u201cLa pupa e il secchione\u201d;&#8230;<\/p>\n    <\/div><!-- .entry-summary -->\n\n    <footer class=\"entry-footer\">\n        <div>\n                                                <span class=\"cat-links\">\n                        Posted in <a href=\"https:\/\/firenzegioca.it\/progioco\/category\/firenzegioca\/\" rel=\"category tag\">Firenzegioca<\/a>, <a href=\"https:\/\/firenzegioca.it\/progioco\/category\/firenzegioca\/firenzegioca-2021\/\" rel=\"category tag\">Firenzegioca 2021<\/a>, <a href=\"https:\/\/firenzegioca.it\/progioco\/category\/firenzegioca\/firenzegioca-2021\/ospiti-2021\/\" rel=\"category tag\">Ospiti 2021<\/a>                    <\/span>\n                \n                            \n                    <\/div>\n            <\/footer><!-- .entry-footer -->\n<\/article><!-- #post-## --> \n<article id=\"post-1539\" class=\"post-1539 post type-post status-publish format-standard has-post-thumbnail hentry category-firenzegioca category-firenzegioca-2021 category-ospiti-2021\" style=\"clear:both;\">\n    <header class=\"entry-header\">\n        <h1 class=\"entry-title\"><a href=\"https:\/\/firenzegioca.it\/progioco\/2021\/09\/19\/romina-nesti\/\" rel=\"bookmark\">Romina Nesti<\/a><\/h1>\n                    <div class=\"entry-meta\">\n                            <\/div><!-- .entry-meta -->\n            <\/header><!-- .entry-header -->\n\n    <div class=\"entry-summary\">\n\t\t<div class=\"posts-thumb content-search-thumb\">\n    <a href=\"https:\/\/firenzegioca.it\/progioco\/2021\/09\/19\/romina-nesti\/\" title=\"Romina Nesti\">\n        <img width=\"300\" height=\"300\" src=\"https:\/\/firenzegioca.it\/progioco\/wp-content\/uploads\/2021\/09\/Romy-300x300.jpeg\" class=\"attachment-medium size-medium wp-post-image\" alt=\"\" loading=\"lazy\" srcset=\"https:\/\/firenzegioca.it\/progioco\/wp-content\/uploads\/2021\/09\/Romy-300x300.jpeg 300w, https:\/\/firenzegioca.it\/progioco\/wp-content\/uploads\/2021\/09\/Romy-150x150.jpeg 150w, https:\/\/firenzegioca.it\/progioco\/wp-content\/uploads\/2021\/09\/Romy.jpeg 320w\" sizes=\"(max-width: 300px) 100vw, 300px\" \/>    <\/a>\n\t<\/div>\n        <p>Romina Nesti, pedagogista, formatrice e coordinatrice pedagogica, \u00e8 dottore di ricerca in \u201cMetodologie della ricerca pedagogica. Teoria e storia\u201d. \u00c8 stata ricercatrice all&#8217;Universit\u00e0 di Firenze dove ha insegnato Metodologie del&#8230;<\/p>\n    <\/div><!-- .entry-summary -->\n\n    <footer class=\"entry-footer\">\n        <div>\n                                                <span class=\"cat-links\">\n                        Posted in <a href=\"https:\/\/firenzegioca.it\/progioco\/category\/firenzegioca\/\" rel=\"category tag\">Firenzegioca<\/a>, <a href=\"https:\/\/firenzegioca.it\/progioco\/category\/firenzegioca\/firenzegioca-2021\/\" rel=\"category tag\">Firenzegioca 2021<\/a>, <a href=\"https:\/\/firenzegioca.it\/progioco\/category\/firenzegioca\/firenzegioca-2021\/ospiti-2021\/\" rel=\"category tag\">Ospiti 2021<\/a>                    <\/span>\n                \n                            \n                    <\/div>\n            <\/footer><!-- .entry-footer -->\n<\/article><!-- #post-## --><\/div><\/div><\/div><\/div>","protected":false},"excerpt":{"rendered":"<p>(in rigoroso ordine alfabetico per nome)<\/p>\n","protected":false},"author":2,"featured_media":0,"parent":2069,"menu_order":0,"comment_status":"closed","ping_status":"closed","template":"","meta":{"_price":"","_stock":"","_tribe_ticket_header":"","_tribe_default_ticket_provider":"","_tribe_ticket_capacity":"0","_ticket_start_date":"","_ticket_end_date":"","_tribe_ticket_show_description":"","_tribe_ticket_show_not_going":false,"_tribe_ticket_use_global_stock":"","_tribe_ticket_global_stock_level":"","_global_stock_mode":"","_global_stock_cap":"","_tribe_rsvp_for_event":"","_tribe_ticket_going_count":"","_tribe_ticket_not_going_count":"","_tribe_tickets_list":[],"_tribe_ticket_has_attendee_info_fields":false,"_EventAllDay":false,"_EventTimezone":"","_EventStartDate":"","_EventEndDate":"","_EventStartDateUTC":"","_EventEndDateUTC":"","_EventShowMap":false,"_EventShowMapLink":false,"_EventURL":"","_EventCost":"","_EventCostDescription":"","_EventCurrencySymbol":"","_EventCurrencyCode":"","_EventCurrencyPosition":"","_EventDateTimeSeparator":"","_EventTimeRangeSeparator":"","_EventOrganizerID":[],"_EventVenueID":0,"_OrganizerEmail":"","_OrganizerPhone":"","_OrganizerWebsite":"","_VenueAddress":"","_VenueCity":"","_VenueCountry":"","_VenueProvince":"","_VenueZip":"","_VenuePhone":"","_VenueURL":"","_VenueStateProvince":"","_VenueLat":"","_VenueLng":""},"yoast_head":"<!-- This site is optimized with the Yoast SEO plugin v19.13 - https:\/\/yoast.com\/wordpress\/plugins\/seo\/ -->\n<title>Ospiti - Ludo in Fiera 2025<\/title>\n<meta name=\"robots\" content=\"index, follow, max-snippet:-1, max-image-preview:large, max-video-preview:-1\" \/>\n<link rel=\"canonical\" href=\"https:\/\/firenzegioca.it\/progioco\/firenzegioca-2021\/ospiti\/\" \/>\n<meta property=\"og:locale\" content=\"it_IT\" \/>\n<meta property=\"og:type\" content=\"article\" \/>\n<meta property=\"og:title\" content=\"Ospiti - Ludo in Fiera 2025\" \/>\n<meta property=\"og:description\" content=\"(in rigoroso ordine alfabetico per nome)\" \/>\n<meta property=\"og:url\" content=\"https:\/\/firenzegioca.it\/progioco\/firenzegioca-2021\/ospiti\/\" \/>\n<meta property=\"og:site_name\" content=\"Firenzegioca\" \/>\n<meta property=\"article:modified_time\" content=\"2022-07-14T07:59:21+00:00\" \/>\n<meta property=\"og:image\" content=\"https:\/\/firenzegioca.it\/progioco\/wp-content\/uploads\/2025\/09\/ludoinfiera-2025-banner-web-2.jpg\" \/>\n\t<meta property=\"og:image:width\" content=\"2560\" \/>\n\t<meta property=\"og:image:height\" content=\"1207\" \/>\n\t<meta property=\"og:image:type\" content=\"image\/jpeg\" \/>\n<meta name=\"twitter:card\" content=\"summary_large_image\" \/>\n<script type=\"application\/ld+json\" class=\"yoast-schema-graph\">{\"@context\":\"https:\/\/schema.org\",\"@graph\":[{\"@type\":\"WebPage\",\"@id\":\"https:\/\/firenzegioca.it\/progioco\/firenzegioca-2021\/ospiti\/\",\"url\":\"https:\/\/firenzegioca.it\/progioco\/firenzegioca-2021\/ospiti\/\",\"name\":\"Ospiti - Ludo in Fiera 2025\",\"isPartOf\":{\"@id\":\"https:\/\/firenzegioca.it\/progioco\/#website\"},\"datePublished\":\"2021-08-31T14:40:15+00:00\",\"dateModified\":\"2022-07-14T07:59:21+00:00\",\"breadcrumb\":{\"@id\":\"https:\/\/firenzegioca.it\/progioco\/firenzegioca-2021\/ospiti\/#breadcrumb\"},\"inLanguage\":\"it-IT\",\"potentialAction\":[{\"@type\":\"ReadAction\",\"target\":[\"https:\/\/firenzegioca.it\/progioco\/firenzegioca-2021\/ospiti\/\"]}]},{\"@type\":\"BreadcrumbList\",\"@id\":\"https:\/\/firenzegioca.it\/progioco\/firenzegioca-2021\/ospiti\/#breadcrumb\",\"itemListElement\":[{\"@type\":\"ListItem\",\"position\":1,\"name\":\"Home\",\"item\":\"https:\/\/firenzegioca.it\/progioco\/\"},{\"@type\":\"ListItem\",\"position\":2,\"name\":\"FirenzeGioca 2021\",\"item\":\"https:\/\/firenzegioca.it\/progioco\/firenzegioca-2021\/\"},{\"@type\":\"ListItem\",\"position\":3,\"name\":\"Ospiti\"}]},{\"@type\":\"WebSite\",\"@id\":\"https:\/\/firenzegioca.it\/progioco\/#website\",\"url\":\"https:\/\/firenzegioca.it\/progioco\/\",\"name\":\"Firenzegioca\",\"description\":\"E io la fo&#039; giocare!\",\"potentialAction\":[{\"@type\":\"SearchAction\",\"target\":{\"@type\":\"EntryPoint\",\"urlTemplate\":\"https:\/\/firenzegioca.it\/progioco\/?s={search_term_string}\"},\"query-input\":\"required name=search_term_string\"}],\"inLanguage\":\"it-IT\"}]}<\/script>\n<!-- \/ Yoast SEO plugin. -->","yoast_head_json":{"title":"Ospiti - Ludo in Fiera 2025","robots":{"index":"index","follow":"follow","max-snippet":"max-snippet:-1","max-image-preview":"max-image-preview:large","max-video-preview":"max-video-preview:-1"},"canonical":"https:\/\/firenzegioca.it\/progioco\/firenzegioca-2021\/ospiti\/","og_locale":"it_IT","og_type":"article","og_title":"Ospiti - Ludo in Fiera 2025","og_description":"(in rigoroso ordine alfabetico per nome)","og_url":"https:\/\/firenzegioca.it\/progioco\/firenzegioca-2021\/ospiti\/","og_site_name":"Firenzegioca","article_modified_time":"2022-07-14T07:59:21+00:00","og_image":[{"width":2560,"height":1207,"url":"https:\/\/firenzegioca.it\/progioco\/wp-content\/uploads\/2025\/09\/ludoinfiera-2025-banner-web-2.jpg","type":"image\/jpeg"}],"twitter_card":"summary_large_image","schema":{"@context":"https:\/\/schema.org","@graph":[{"@type":"WebPage","@id":"https:\/\/firenzegioca.it\/progioco\/firenzegioca-2021\/ospiti\/","url":"https:\/\/firenzegioca.it\/progioco\/firenzegioca-2021\/ospiti\/","name":"Ospiti - Ludo in Fiera 2025","isPartOf":{"@id":"https:\/\/firenzegioca.it\/progioco\/#website"},"datePublished":"2021-08-31T14:40:15+00:00","dateModified":"2022-07-14T07:59:21+00:00","breadcrumb":{"@id":"https:\/\/firenzegioca.it\/progioco\/firenzegioca-2021\/ospiti\/#breadcrumb"},"inLanguage":"it-IT","potentialAction":[{"@type":"ReadAction","target":["https:\/\/firenzegioca.it\/progioco\/firenzegioca-2021\/ospiti\/"]}]},{"@type":"BreadcrumbList","@id":"https:\/\/firenzegioca.it\/progioco\/firenzegioca-2021\/ospiti\/#breadcrumb","itemListElement":[{"@type":"ListItem","position":1,"name":"Home","item":"https:\/\/firenzegioca.it\/progioco\/"},{"@type":"ListItem","position":2,"name":"FirenzeGioca 2021","item":"https:\/\/firenzegioca.it\/progioco\/firenzegioca-2021\/"},{"@type":"ListItem","position":3,"name":"Ospiti"}]},{"@type":"WebSite","@id":"https:\/\/firenzegioca.it\/progioco\/#website","url":"https:\/\/firenzegioca.it\/progioco\/","name":"Firenzegioca","description":"E io la fo&#039; giocare!","potentialAction":[{"@type":"SearchAction","target":{"@type":"EntryPoint","urlTemplate":"https:\/\/firenzegioca.it\/progioco\/?s={search_term_string}"},"query-input":"required name=search_term_string"}],"inLanguage":"it-IT"}]}},"_links":{"self":[{"href":"https:\/\/firenzegioca.it\/progioco\/wp-json\/wp\/v2\/pages\/521"}],"collection":[{"href":"https:\/\/firenzegioca.it\/progioco\/wp-json\/wp\/v2\/pages"}],"about":[{"href":"https:\/\/firenzegioca.it\/progioco\/wp-json\/wp\/v2\/types\/page"}],"author":[{"embeddable":true,"href":"https:\/\/firenzegioca.it\/progioco\/wp-json\/wp\/v2\/users\/2"}],"replies":[{"embeddable":true,"href":"https:\/\/firenzegioca.it\/progioco\/wp-json\/wp\/v2\/comments?post=521"}],"version-history":[{"count":14,"href":"https:\/\/firenzegioca.it\/progioco\/wp-json\/wp\/v2\/pages\/521\/revisions"}],"predecessor-version":[{"id":2334,"href":"https:\/\/firenzegioca.it\/progioco\/wp-json\/wp\/v2\/pages\/521\/revisions\/2334"}],"up":[{"embeddable":true,"href":"https:\/\/firenzegioca.it\/progioco\/wp-json\/wp\/v2\/pages\/2069"}],"wp:attachment":[{"href":"https:\/\/firenzegioca.it\/progioco\/wp-json\/wp\/v2\/media?parent=521"}],"curies":[{"name":"wp","href":"https:\/\/api.w.org\/{rel}","templated":true}]}}